{"id":2209,"date":"2024-10-07T12:24:57","date_gmt":"2024-10-07T10:24:57","guid":{"rendered":"https:\/\/abel-formation.com\/www\/?page_id=2209"},"modified":"2026-04-09T15:59:43","modified_gmt":"2026-04-09T13:59:43","slug":"cours-en-groupe-intra","status":"publish","type":"page","link":"https:\/\/abel-formation.com\/www\/cours-en-groupe-intra\/","title":{"rendered":"Nos cours en groupe intra-entreprise \u00e0 distance et en pr\u00e9sentiel"},"content":{"rendered":"\n<p class=\"gutenify-section-885d4f90-8488-11ef-896b-c397f8d8930e gtfy-2\"><\/p>\n\n\n\n<p class=\"gutenify-section-7ee8b2a0-8489-11ef-896b-c397f8d8930e gtfy-5\"><\/p>\n\n\n\n<p class=\"gutenify-section-7f04ed30-8489-11ef-896b-c397f8d8930e gtfy-8\"><\/p>\n\n\n\n<h2 class=\"wp-block-heading gutenify-section-aaa76da0-8489-11ef-896b-c397f8d8930e gtfy-11\">Cours en groupe intra-entreprise \u00e0 distance<\/h2>\n\n\n\n<!DOCTYPE html>\n<html class=\"gtfy-14\" lang=\"en\">\n<head>\n    <meta charset=\"UTF-8\">\n    <meta name=\"viewport\" content=\"width=device-width, initial-scale=1.0\">\n    <title>Autoplay Video<\/title>\n<\/head>\n<body>\n    <div style=\"overflow:hidden\">\n        <video id=\"autoplayVideo\" controls autoplay loop muted style=\"max-width:100%; height:auto;\">\n            <source src=\"https:\/\/abel-formation.com\/www\/wp-content\/uploads\/2024\/10\/Cours-En-Groupe-Intra-Entreprise-Teams.mp4\" type=\"video\/webm\">\n            Your browser does not support the video tag.\n        <\/video>\n    <\/div>\n\n    <script>\n        window.onload = function() {\n            var video = document.getElementById(\"autoplayVideo\");\n            video.play();\n        }\n    <\/script>\n<\/body>\n<\/html>\n\n\n\n<p class=\"gutenify-section-80a5a4e0-8489-11ef-896b-c397f8d8930e gtfy-17\"><\/p>\n\n\n\n<hr class=\"wp-block-separator has-alpha-channel-opacity gutenify-section-26db1fb0-848b-11ef-896b-c397f8d8930e gtfy-20\"\/>\n\n\n\n<p class=\"gutenify-section-26db94e0-848b-11ef-896b-c397f8d8930e gtfy-23\"><strong>Optimisez la formation de vos \u00e9quipes avec nos cours d\u2019anglais en groupe intra-entreprise \u00e0 distance sur TEAMS ou ZOOM !<\/strong><\/p>\n\n\n\n<h4 class=\"wp-block-heading gutenify-section-26dbbbf0-848b-11ef-896b-c397f8d8930e gtfy-26\">Avantages Logistiques et Simplicit\u00e9<\/h4>\n\n\n\n<p class=\"gutenify-section-26dc0a10-848b-11ef-896b-c397f8d8930e gtfy-29\">Nos formations \u00e0 distance offrent une flexibilit\u00e9 in\u00e9gal\u00e9e, permettant \u00e0 vos \u00e9quipes, m\u00eame r\u00e9parties sur plusieurs sites, de participer sans les contraintes de d\u00e9placement. Gr\u00e2ce \u00e0 TEAMS ou ZOOM, vos collaborateurs peuvent se connecter facilement depuis leur bureau ou leur domicile, r\u00e9duisant ainsi les co\u00fbts et le temps de transport.<\/p>\n\n\n\n<h4 class=\"wp-block-heading gutenify-section-26dc3120-848b-11ef-896b-c397f8d8930e gtfy-32\">Financement et Dotations<\/h4>\n\n\n\n<p class=\"gutenify-section-26dc5830-848b-11ef-896b-c397f8d8930e gtfy-35\">Saviez-vous que nos cours peuvent \u00eatre financ\u00e9s par le Compte Personnel de Formation (CPF) ? De plus, les entreprises ont la possibilit\u00e9 d\u2019accorder des dotations \u00e0 leurs employ\u00e9s pour faciliter leur acc\u00e8s \u00e0 la formation. Ainsi, vos apprenants seront exonor\u00e9s de la participation financi\u00e8re obligatoire. Investir dans les comp\u00e9tences linguistiques de vos \u00e9quipes n\u2019a jamais \u00e9t\u00e9 aussi simple et avantageux !<\/p>\n\n\n\n<p class=\"gutenify-section-5fd1cef0-848f-11ef-896b-c397f8d8930e gtfy-38\"><strong>Si vous \u00eates<\/strong> <strong>salari\u00e9<\/strong>, pour plus d\u2019information, consultez l\u2019article&nbsp;<em><a href=\"https:\/\/www.moncompteformation.gouv.fr\/espace-public\/dotation-volontaire-employeur\" target=\"_blank\" rel=\"noreferrer noopener\">\u00ab&nbsp;Comment fonctionne le financement employeur ?<\/a><\/em> <img loading=\"lazy\" decoding=\"async\" width=\"16\" height=\"16\" class=\"wp-image-1123\" style=\"width: 16px;\" src=\"https:\/\/abel-formation.com\/www\/wp-content\/uploads\/2024\/03\/external_link_icon16.png\" alt=\"\"> sur Mon Compte Formation. <\/p>\n\n\n\n<p class=\"gutenify-section-60fae5a0-848f-11ef-896b-c397f8d8930e gtfy-41\"><strong>Si vous \u00eates employeur<\/strong>, pour plus d\u2019information, consultez l\u2019article&nbsp;\u00ab\u00a0<a href=\"https:\/\/financeurs.moncompteformation.gouv.fr\/sites\/financeur\/files\/2021-11\/infographie_co-financement_web.pdf\" target=\"_blank\" rel=\"noreferrer noopener\">Guide &#8211; Comment attribuer une dotation volontaire en 4 \u00e9tapes<\/a>\u00a0\u00bb PDF <img loading=\"lazy\" decoding=\"async\" width=\"16\" height=\"16\" class=\"wp-image-1123\" style=\"width: 16px;\" src=\"https:\/\/abel-formation.com\/www\/wp-content\/uploads\/2024\/03\/external_link_icon16.png\" alt=\"\"> sur <a href=\"https:\/\/financeurs.moncompteformation.gouv.fr\/espace-public\/\" target=\"_blank\" rel=\"noreferrer noopener\">Financeurs Mon Compte Formation<\/a>. <img loading=\"lazy\" decoding=\"async\" width=\"16\" height=\"16\" class=\"wp-image-1123\" style=\"width: 16px;\" src=\"https:\/\/abel-formation.com\/www\/wp-content\/uploads\/2024\/03\/external_link_icon16.png\" alt=\"\"><\/p>\n\n\n\n<h4 class=\"wp-block-heading gutenify-section-26dc7f40-848b-11ef-896b-c397f8d8930e gtfy-44\">Contenus Adapt\u00e9s et Personnalis\u00e9s<\/h4>\n\n\n\n<p class=\"gutenify-section-26dca650-848b-11ef-896b-c397f8d8930e gtfy-47\">Nous comprenons que chaque entreprise a des besoins sp\u00e9cifiques. C\u2019est pourquoi nos contenus de formation sont enti\u00e8rement adaptables et personnalisables en fonction de l\u2019activit\u00e9 de votre soci\u00e9t\u00e9 ou du service dans lequel travaillent vos apprenants. Que ce soit pour le secteur commercial, technique, ou administratif, nous concevons des programmes sur mesure pour r\u00e9pondre \u00e0 vos objectifs professionnels.<\/p>\n\n\n\n<hr class=\"wp-block-separator has-alpha-channel-opacity gutenify-section-26dccd60-848b-11ef-896b-c397f8d8930e gtfy-50\"\/>\n\n\n\n<p class=\"gutenify-section-26dd1b80-848b-11ef-896b-c397f8d8930e gtfy-53\">N\u2019h\u00e9sitez pas \u00e0 nous contacter pour plus d\u2019informations et pour planifier une formation adapt\u00e9e \u00e0 vos besoins !  <a href=\"https:\/\/abel-formation.com\/www\/contact\/\" target=\"_blank\" rel=\"noreferrer noopener\">Page de contact<\/a> <img loading=\"lazy\" decoding=\"async\" width=\"16\" height=\"16\" class=\"wp-image-1123\" style=\"width: 16px;\" src=\"https:\/\/abel-formation.com\/www\/wp-content\/uploads\/2024\/03\/external_link_icon16.png\" alt=\"\"><\/p>\n\n\n\n<hr class=\"wp-block-separator has-alpha-channel-opacity gutenify-section-26dd4290-848b-11ef-896b-c397f8d8930e gtfy-56\"\/>\n\n\n\n<div class=\"wp-block-columns gutenify-section-95e2dfe0-8492-11ef-896b-c397f8d8930e is-layout-flex wp-container-core-columns-is-layout-28f84493 wp-block-columns-is-layout-flex gtfy-77\">\n<div class=\"wp-block-column is-vertically-aligned-center gutenify-section-95da7b70-8492-11ef-896b-c397f8d8930e is-layout-flow wp-block-column-is-layout-flow gtfy-60\">\n<!DOCTYPE html>\n<html class=\"gtfy-59\" lang=\"en\">\n<head>\n    <meta charset=\"UTF-8\">\n    <meta name=\"viewport\" content=\"width=device-width, initial-scale=1.0\">\n    <title>Autoplay Video<\/title>\n<\/head>\n<body>\n    <div style=\"overflow:hidden\">\n        <video id=\"autoplayVideo\" controls autoplay loop muted style=\"max-width:100%; height:auto;\">\n            <source src=\"https:\/\/abel-formation.com\/www\/wp-content\/uploads\/2024\/10\/Abel-Formation-Cours-Teams-Zoom-Mobile.mp4\" type=\"video\/webm\">\n            Your browser does not support the video tag.\n        <\/video>\n    <\/div>\n\n    <script>\n        window.onload = function() {\n            var video = document.getElementById(\"autoplayVideo\");\n            video.play();\n        }\n    <\/script>\n<\/body>\n<\/html>\n<\/div>\n\n\n\n<div class=\"wp-block-column is-vertically-aligned-center gutenify-section-95e2b8d0-8492-11ef-896b-c397f8d8930e is-layout-flow wp-block-column-is-layout-flow gtfy-76\">\n<h2 class=\"wp-block-heading gutenify-section-95db3ec0-8492-11ef-896b-c397f8d8930e gtfy-61\">CPF- 30h de cours en groupe intra-entreprise \u00e0 distance<\/h2>\n\n\n\n<p class=\"gutenify-section-95dc0210-8492-11ef-896b-c397f8d8930e gtfy-62\"><\/p>\n\n\n\n<p class=\"gutenify-section-95dcec70-8492-11ef-896b-c397f8d8930e gtfy-63\">Cette solution vous propose<strong> 30 heures de cours d&rsquo;anglais<\/strong> <strong>professionnel en goupe intra-entreprise.<\/strong> Les le\u00e7ons sont dispens\u00e9es via TEAMS ou ZOOM. De plus, avec ce module, vous b\u00e9n\u00e9ficiez d&rsquo;<strong>un acc\u00e8s de 4 mois \u00e0 Abel Formation<\/strong>. Pour valider votre niveau d&rsquo;anglai \u00e0 la fin de la formation le passage de la <a href=\"https:\/\/abel-formation.com\/www\/toeic-4-competences\/\" target=\"_blank\" rel=\"noreferrer noopener\">Certification TOEIC 4 Skills avec surveillance \u00e0 distance<\/a> est inclus <img loading=\"lazy\" decoding=\"async\" width=\"16\" height=\"16\" class=\"wp-image-1123\" style=\"width: 16px;\" src=\"https:\/\/abel-formation.com\/www\/wp-content\/uploads\/2024\/03\/external_link_icon16.png\" alt=\"\"> (RS7229 par ETS Global enregistr\u00e9 le 17\/07\/2025)<\/p>\n\n\n\n<ul class=\"wp-block-list gutenify-section-95e1ce70-8492-11ef-896b-c397f8d8930e gtfy-71\">\n<li class=\"gutenify-section-95df8480-8492-11ef-896b-c397f8d8930e gtfy-64 gutenify-list-item\">Positionnement en ligne<\/li>\n\n\n\n<li class=\"gutenify-section-b6d4b660-8492-11ef-896b-c397f8d8930e gtfy-65 gutenify-list-item\"><strong>30 heures<\/strong> de cours en groupe intra-entreprise<\/li>\n\n\n\n<li class=\"gutenify-section-b6d52b90-8492-11ef-896b-c397f8d8930e gtfy-66 gutenify-list-item\">A distance sur TEAMS ou ZOOM<\/li>\n\n\n\n<li class=\"gutenify-section-b6d579b0-8492-11ef-896b-c397f8d8930e gtfy-67 gutenify-list-item\"><a href=\"https:\/\/abel-formation.com\/www\/toeic-4-competences\/\" target=\"_blank\" rel=\"noreferrer noopener\">Certification TOEIC 4 Skills avec surveillance \u00e0 distance<\/a> <img loading=\"lazy\" decoding=\"async\" width=\"16\" height=\"16\" class=\"wp-image-1123\" style=\"width: 16px;\" src=\"https:\/\/abel-formation.com\/www\/wp-content\/uploads\/2024\/03\/external_link_icon16.png\" alt=\"\"> (RS7229) ou certification <a href=\"https:\/\/abel-formation.com\/www\/vtest-4-skills\/\" target=\"_blank\" rel=\"noreferrer noopener\">VTest 4 Skills<\/a> (RS6905)<\/li>\n\n\n\n<li class=\"gtfy-68 gutenify-list-item\">L\u2019acc\u00e8s \u00e0 l\u2019application <a href=\"https:\/\/abel-formation.com\/www\/digischool-toeic-lapplication-officielle\/\">Digischool TOEIC<\/a> (10 tests blancs, 2 700 questions et correction IA) est inclus si vous visez la certification TOEIC lors de votre formation<\/li>\n\n\n\n<li class=\"gutenify-section-b6d5c7d0-8492-11ef-896b-c397f8d8930e gtfy-69 gutenify-list-item\"><strong>E-learning 4 mois<\/strong> &#8211; modules personnalis\u00e9s &#8211; acc\u00e8s 24h\/24h<\/li>\n\n\n\n<li class=\"gutenify-section-b6d79c90-8492-11ef-896b-c397f8d8930e gtfy-70 gutenify-list-item\">Dossier <a href=\"https:\/\/abel-formation.com\/www\/my-english-lessons\/\" target=\"_blank\" rel=\"noreferrer noopener\">My English Lessons<\/a>* <img loading=\"lazy\" decoding=\"async\" width=\"16\" height=\"16\" class=\"wp-image-1123\" style=\"width: 16px;\" src=\"https:\/\/abel-formation.com\/www\/wp-content\/uploads\/2024\/03\/external_link_icon16.png\" alt=\"\"> en ligne<\/li>\n<\/ul>\n\n\n\n<div class=\"wp-block-buttons gutenify-section-95e243a0-8492-11ef-896b-c397f8d8930e is-content-justification-center is-layout-flex wp-container-core-buttons-is-layout-a89b3969 wp-block-buttons-is-layout-flex gtfy-73\">\n<div class=\"wp-block-button gutenify-section-95e1f580-8492-11ef-896b-c397f8d8930e gtfy-72\"><a class=\"wp-block-button__link wp-element-button\" href=\"https:\/\/www.moncompteformation.gouv.fr\/espace-prive\/html\/#\/formation\/recherche\/49519289000012_CAGINTRATC26\/49519289000012_CAGINTRATC3026\" target=\"_blank\" rel=\"noreferrer noopener\">Utilisez votre CPF &#8211; TOEIC<\/a><\/div>\n<\/div>\n\n\n\n<div class=\"wp-block-buttons gutenify-section-95e243a0-8492-11ef-896b-c397f8d8930e is-content-justification-center is-layout-flex wp-container-core-buttons-is-layout-a89b3969 wp-block-buttons-is-layout-flex gtfy-75\">\n<div class=\"wp-block-button gutenify-section-95e1f580-8492-11ef-896b-c397f8d8930e gtfy-74\"><a class=\"wp-block-button__link wp-element-button\" href=\"https:\/\/www.moncompteformation.gouv.fr\/espace-prive\/html\/#\/formation\/recherche\/49519289000012_VTINTRAAD\/49519289000012_VTINTRAAD30?contexteFormation=ACTIVITE_PROFESSIONNELLE\" target=\"_blank\" rel=\"noreferrer noopener\">Utilisez votre CPF &#8211; VTEST<\/a><\/div>\n<\/div>\n<\/div>\n<\/div>\n\n\n\n<hr class=\"wp-block-separator has-alpha-channel-opacity gutenify-section-8b0b5790-8493-11ef-896b-c397f8d8930e gtfy-80\"\/>\n\n\n\n<p class=\"gutenify-section-c95a77b0-8489-11ef-896b-c397f8d8930e gtfy-83\"><\/p>\n\n\n\n<div class=\"wp-block-columns gutenify-section-e37b9d90-8489-11ef-896b-c397f8d8930e is-layout-flex wp-container-core-columns-is-layout-28f84493 wp-block-columns-is-layout-flex gtfy-102\">\n<div class=\"wp-block-column is-vertically-aligned-center gutenify-section-e4cfe2f0-8489-11ef-896b-c397f8d8930e is-layout-flow wp-block-column-is-layout-flow gtfy-87\">\n<!DOCTYPE html>\n<html class=\"gtfy-86\" lang=\"en\">\n<head>\n    <meta charset=\"UTF-8\">\n    <meta name=\"viewport\" content=\"width=device-width, initial-scale=1.0\">\n    <title>Autoplay Video<\/title>\n<\/head>\n<body>\n    <div style=\"overflow:hidden\">\n        <video id=\"autoplayVideo\" controls autoplay loop muted style=\"max-width:100%; height:auto;\">\n            <source src=\"https:\/\/abel-formation.com\/www\/wp-content\/uploads\/2024\/10\/Cours-En-Groupe-Intra-Entreprise.mp4\" type=\"video\/webm\">\n            Your browser does not support the video tag.\n        <\/video>\n    <\/div>\n\n    <script>\n        window.onload = function() {\n            var video = document.getElementById(\"autoplayVideo\");\n            video.play();\n        }\n    <\/script>\n<\/body>\n<\/html>\n<\/div>\n\n\n\n<div class=\"wp-block-column is-vertically-aligned-center gutenify-section-e4d03110-8489-11ef-896b-c397f8d8930e is-layout-flow wp-block-column-is-layout-flow gtfy-101\">\n<h2 class=\"wp-block-heading gutenify-section-92e5c1f0-8491-11ef-896b-c397f8d8930e gtfy-88\">CPF &#8211; 30 heures de cours en groupe intra-entreprise dans vos locaux<\/h2>\n\n\n\n<p class=\"gutenify-section-cbeaecf0-8491-11ef-896b-c397f8d8930e gtfy-89\">Minimum 3 apprenants<\/p>\n\n\n\n<p class=\"gutenify-section-c1e28660-8490-11ef-896b-c397f8d8930e gtfy-90\">Cette solution vous propose<strong> 30 heures de cours d&rsquo;anglais<\/strong> <strong>professionnel en groupe intra-entreprise en pr\u00e9sentiel.<\/strong> Les le\u00e7ons sont dispens\u00e9es dans vos locaux. De plus, avec ce module, vous b\u00e9n\u00e9ficiez d&rsquo;<strong>un acc\u00e8s de 4 mois \u00e0 Abel Formation<\/strong>. <a href=\"https:\/\/abel-formation.com\/www\/toeic-4-competences\/\" target=\"_blank\" rel=\"noreferrer noopener\">Certification TOEIC 4 Skills avec surveillance \u00e0 distance<\/a> est inclus <img loading=\"lazy\" decoding=\"async\" width=\"16\" height=\"16\" class=\"wp-image-1123\" style=\"width: 16px;\" src=\"https:\/\/abel-formation.com\/www\/wp-content\/uploads\/2024\/03\/external_link_icon16.png\" alt=\"\"> (RS7229 par ETS Global enregistr\u00e9 le 17\/07\/2025)<\/p>\n\n\n\n<ul class=\"wp-block-list gutenify-section-38abc400-8491-11ef-896b-c397f8d8930e gtfy-98\">\n<li class=\"gutenify-section-38b6e790-8491-11ef-896b-c397f8d8930e gtfy-91 gutenify-list-item\">Positionnement en ligne<\/li>\n\n\n\n<li class=\"gutenify-section-d3af8940-0968-11ef-9977-d74a8e58633b gtfy-92 gutenify-list-item\"><strong>30 heures<\/strong> de cours en groupe intra-entreprise<\/li>\n\n\n\n<li class=\"gutenify-section-d3affe70-0968-11ef-9977-d74a8e58633b gtfy-93 gutenify-list-item\">En pr\u00e9sentiel dans vos locaux<\/li>\n\n\n\n<li class=\"gutenify-section-d3b04c90-0968-11ef-9977-d74a8e58633b gtfy-94 gutenify-list-item\"><a href=\"https:\/\/abel-formation.com\/www\/toeic-4-competences\/\" target=\"_blank\" rel=\"noreferrer noopener\">Certification TOEIC 4 Skills avec surveillance \u00e0 distance<\/a> <img loading=\"lazy\" decoding=\"async\" width=\"16\" height=\"16\" class=\"wp-image-1123\" style=\"width: 16px;\" src=\"https:\/\/abel-formation.com\/www\/wp-content\/uploads\/2024\/03\/external_link_icon16.png\" alt=\"\"> (RS7229) ou certification <a href=\"https:\/\/abel-formation.com\/www\/vtest-4-skills\/\" target=\"_blank\" rel=\"noreferrer noopener\">VTest 4 Skills<\/a> (RS6905)<\/li>\n\n\n\n<li class=\"gtfy-95 gutenify-list-item\">L\u2019acc\u00e8s \u00e0 l\u2019application <a href=\"https:\/\/abel-formation.com\/www\/digischool-toeic-lapplication-officielle\/\">Digischool TOEIC<\/a> (10 tests blancs, 2 700 questions et correction IA) est inclus si vous visez la certification TOEIC lors de votre formation<\/li>\n\n\n\n<li class=\"gutenify-section-d3b0e8d0-0968-11ef-9977-d74a8e58633b gtfy-96 gutenify-list-item\"><strong>E-learning 4 mois<\/strong> &#8211; modules h\u00f4tellerie<\/li>\n\n\n\n<li class=\"gutenify-section-d3b15e00-0968-11ef-9977-d74a8e58633b gtfy-97 gutenify-list-item\">Dossier <a href=\"https:\/\/abel-formation.com\/www\/my-english-lessons\/\" target=\"_blank\" rel=\"noreferrer noopener\">My English Lessons<\/a>* <img loading=\"lazy\" decoding=\"async\" width=\"16\" height=\"16\" class=\"wp-image-1123\" style=\"width: 16px;\" src=\"https:\/\/abel-formation.com\/www\/wp-content\/uploads\/2024\/03\/external_link_icon16.png\" alt=\"\"> en ligne<\/li>\n<\/ul>\n\n\n\n<div class=\"wp-block-buttons gutenify-section-0222c720-8492-11ef-896b-c397f8d8930e is-content-justification-center is-layout-flex wp-container-core-buttons-is-layout-a89b3969 wp-block-buttons-is-layout-flex gtfy-100\">\n<div class=\"wp-block-button gutenify-section-02319430-8492-11ef-896b-c397f8d8930e gtfy-99\"><a class=\"wp-block-button__link wp-element-button\" href=\"https:\/\/www.moncompteformation.gouv.fr\/espace-prive\/html\/#\/formation\/recherche\/49519289000012_CINTRAPTC\/49519289000012_CINTRAPTC30\" target=\"_blank\" rel=\"noreferrer noopener\">Utilisez votre CPF &#8211; TOEIC<\/a><\/div>\n<\/div>\n<\/div>\n<\/div>\n\n\n\n<p class=\"gutenify-section-d0d5e740-8489-11ef-896b-c397f8d8930e gtfy-105\"><\/p>\n\n\n\n<p class=\"gutenify-section-70102cc0-8490-11ef-896b-c397f8d8930e gtfy-108\"><strong>Renforcez les comp\u00e9tences linguistiques de vos \u00e9quipes avec nos cours d\u2019anglais en groupe intra-entreprise en pr\u00e9sentiel !<\/strong><\/p>\n\n\n\n<h4 class=\"wp-block-heading gutenify-section-70107ae0-8490-11ef-896b-c397f8d8930e gtfy-111\">Avantages Logistiques et Simplicit\u00e9<\/h4>\n\n\n\n<p class=\"gutenify-section-7010c900-8490-11ef-896b-c397f8d8930e gtfy-114\">Nos formations en pr\u00e9sentiel offrent une exp\u00e9rience d\u2019apprentissage immersive et interactive. En r\u00e9unissant vos collaborateurs dans un m\u00eame lieu, nous favorisons la coh\u00e9sion d\u2019\u00e9quipe et les \u00e9changes directs. Nos formateurs se d\u00e9placent dans vos locaux, \u00e9liminant ainsi les contraintes de d\u00e9placement pour vos employ\u00e9s et simplifiant l\u2019organisation logistique.<\/p>\n\n\n\n<h4 class=\"wp-block-heading gutenify-section-70111720-8490-11ef-896b-c397f8d8930e gtfy-117\">Financement et Dotations<\/h4>\n\n\n\n<p class=\"gutenify-section-70116540-8490-11ef-896b-c397f8d8930e gtfy-120\">Saviez-vous que nos cours peuvent \u00eatre financ\u00e9s par le Compte Personnel de Formation (CPF) ? De plus, les entreprises ont la possibilit\u00e9 d\u2019accorder des dotations \u00e0 leurs employ\u00e9s pour faciliter leur acc\u00e8s \u00e0 la formation. Ainsi, vos apprenants seront exonor\u00e9s de la participation financi\u00e8re obligatoire. Investir dans les comp\u00e9tences linguistiques de vos \u00e9quipes n\u2019a jamais \u00e9t\u00e9 aussi simple et avantageux !<\/p>\n\n\n\n<p class=\"gutenify-section-a9244be0-8490-11ef-896b-c397f8d8930e gtfy-123\"><strong>Si vous \u00eates<\/strong> <strong>salari\u00e9<\/strong>, pour plus d\u2019information, consultez l\u2019article&nbsp;<em><a href=\"https:\/\/www.moncompteformation.gouv.fr\/espace-public\/dotation-volontaire-employeur\" target=\"_blank\" rel=\"noreferrer noopener\">\u00ab&nbsp;Comment fonctionne le financement employeur ?<\/a><\/em> <img loading=\"lazy\" decoding=\"async\" width=\"16\" height=\"16\" class=\"wp-image-1123\" style=\"width: 16px;\" src=\"https:\/\/abel-formation.com\/www\/wp-content\/uploads\/2024\/03\/external_link_icon16.png\" alt=\"\"> sur Mon Compte Formation. <\/p>\n\n\n\n<p class=\"gutenify-section-a924c110-8490-11ef-896b-c397f8d8930e gtfy-126\"><strong>Si vous \u00eates employeur<\/strong>, pour plus d\u2019information, consultez l\u2019article&nbsp;\u00ab\u00a0<a href=\"https:\/\/financeurs.moncompteformation.gouv.fr\/sites\/financeur\/files\/2021-11\/infographie_co-financement_web.pdf\" target=\"_blank\" rel=\"noreferrer noopener\">Guide &#8211; Comment attribuer une dotation volontaire en 4 \u00e9tapes<\/a>\u00a0\u00bb PDF <img loading=\"lazy\" decoding=\"async\" width=\"16\" height=\"16\" class=\"wp-image-1123\" style=\"width: 16px;\" src=\"https:\/\/abel-formation.com\/www\/wp-content\/uploads\/2024\/03\/external_link_icon16.png\" alt=\"\"> sur <a href=\"https:\/\/financeurs.moncompteformation.gouv.fr\/espace-public\/\" target=\"_blank\" rel=\"noreferrer noopener\">Financeurs Mon Compte Formation<\/a>. <img loading=\"lazy\" decoding=\"async\" width=\"16\" height=\"16\" class=\"wp-image-1123\" style=\"width: 16px;\" src=\"https:\/\/abel-formation.com\/www\/wp-content\/uploads\/2024\/03\/external_link_icon16.png\" alt=\"\"><\/p>\n\n\n\n<h4 class=\"wp-block-heading gutenify-section-7011b360-8490-11ef-896b-c397f8d8930e gtfy-129\">Contenus Adapt\u00e9s et Personnalis\u00e9s<\/h4>\n\n\n\n<p class=\"gutenify-section-70120180-8490-11ef-896b-c397f8d8930e gtfy-132\">Nous comprenons que chaque entreprise a des besoins sp\u00e9cifiques. C\u2019est pourquoi nos contenus de formation sont enti\u00e8rement adaptables et personnalisables en fonction de l\u2019activit\u00e9 de votre soci\u00e9t\u00e9 ou du service dans lequel travaillent vos apprenants. Que ce soit pour le secteur commercial, technique, ou administratif, nous concevons des programmes sur mesure pour r\u00e9pondre \u00e0 vos objectifs professionnels.<\/p>\n\n\n\n<hr class=\"wp-block-separator has-alpha-channel-opacity gutenify-section-70124fa0-8490-11ef-896b-c397f8d8930e gtfy-135\"\/>\n\n\n\n<p class=\"gutenify-section-70129dc0-8490-11ef-896b-c397f8d8930e gtfy-138\">N\u2019h\u00e9sitez pas \u00e0 nous contacter pour plus d\u2019informations et pour planifier une formation adapt\u00e9e \u00e0 vos besoins ! <a href=\"https:\/\/abel-formation.com\/www\/contact\/\" target=\"_blank\" rel=\"noreferrer noopener\">Page de contact<\/a> <img loading=\"lazy\" decoding=\"async\" width=\"16\" height=\"16\" class=\"wp-image-1123\" style=\"width: 16px;\" src=\"https:\/\/abel-formation.com\/www\/wp-content\/uploads\/2024\/03\/external_link_icon16.png\" alt=\"\"><\/p>\n\n\n\n<p class=\"gutenify-section-7013af30-8490-11ef-896b-c397f8d8930e gtfy-141\"><\/p>\n\n\n\n<p class=\"gutenify-section-7f1e4190-8489-11ef-896b-c397f8d8930e gtfy-144\"><\/p>\n","protected":false},"excerpt":{"rendered":"<p>Cours en groupe intra-entreprise \u00e0 distance Autoplay Video Your browser does not support the video [&hellip;]<\/p>\n","protected":false},"author":1,"featured_media":0,"parent":0,"menu_order":0,"comment_status":"closed","ping_status":"closed","template":"","meta":{"_gutenify_countdown_timer_type":"fixed","_gutenify_countdown_timer_evergreen_hours":24,"_gutenify_countdown_timer_evergreen_minutes":0,"_gutenify_countdown_timer_date":"","_gutenify_countdown_timer_timezone":"US\/Eastern","_gutenify_countdown_timer_end_action":"none","_gutenify_countdown_timer_hide_selector":"","_gutenify_countdown_timer_redirect_url":"","footnotes":""},"class_list":["post-2209","page","type-page","status-publish","hentry"],"yoast_head":"<!-- This site is optimized with the Yoast SEO plugin v27.5 - https:\/\/yoast.com\/product\/yoast-seo-wordpress\/ -->\n<title>Nos cours en groupe intra-entreprise \u00e0 distance et en pr\u00e9sentiel - Abel Formation<\/title>\n<meta name=\"description\" content=\"D\u00e9couvrez nos cours d\u2019anglais professionnels en groupe intra-entreprise, disponibles en pr\u00e9sentiel ou \u00e0 distance via TEAMS ou ZOOM.\" \/>\n<meta name=\"robots\" content=\"index, follow, max-snippet:-1, max-image-preview:large, max-video-preview:-1\" \/>\n<link rel=\"canonical\" href=\"https:\/\/abel-formation.com\/www\/cours-en-groupe-intra\/\" \/>\n<meta property=\"og:locale\" content=\"fr_FR\" \/>\n<meta property=\"og:type\" content=\"article\" \/>\n<meta property=\"og:title\" content=\"Nos cours en groupe intra-entreprise \u00e0 distance et en pr\u00e9sentiel - Abel Formation\" \/>\n<meta property=\"og:description\" content=\"D\u00e9couvrez nos cours d\u2019anglais professionnels en groupe intra-entreprise, disponibles en pr\u00e9sentiel ou \u00e0 distance via TEAMS ou ZOOM.\" \/>\n<meta property=\"og:url\" content=\"https:\/\/abel-formation.com\/www\/cours-en-groupe-intra\/\" \/>\n<meta property=\"og:site_name\" content=\"Abel Formation\" \/>\n<meta property=\"article:modified_time\" content=\"2026-04-09T13:59:43+00:00\" \/>\n<meta property=\"og:image\" content=\"https:\/\/abel-formation.com\/www\/wp-content\/uploads\/2024\/03\/external_link_icon16.png\" \/>\n\t<meta property=\"og:image:width\" content=\"16\" \/>\n\t<meta property=\"og:image:height\" content=\"16\" \/>\n\t<meta property=\"og:image:type\" content=\"image\/png\" \/>\n<meta name=\"twitter:card\" content=\"summary_large_image\" \/>\n<meta name=\"twitter:site\" content=\"@AbelFormation\" \/>\n<meta name=\"twitter:label1\" content=\"Dur\u00e9e de lecture estim\u00e9e\" \/>\n\t<meta name=\"twitter:data1\" content=\"8 minutes\" \/>\n<script type=\"application\/ld+json\" class=\"yoast-schema-graph\">{\"@context\":\"https:\\\/\\\/schema.org\",\"@graph\":[{\"@type\":\"WebPage\",\"@id\":\"https:\\\/\\\/abel-formation.com\\\/www\\\/cours-en-groupe-intra\\\/\",\"url\":\"https:\\\/\\\/abel-formation.com\\\/www\\\/cours-en-groupe-intra\\\/\",\"name\":\"Nos cours en groupe intra-entreprise \u00e0 distance et en pr\u00e9sentiel - Abel Formation\",\"isPartOf\":{\"@id\":\"https:\\\/\\\/abel-formation.com\\\/www\\\/#website\"},\"primaryImageOfPage\":{\"@id\":\"https:\\\/\\\/abel-formation.com\\\/www\\\/cours-en-groupe-intra\\\/#primaryimage\"},\"image\":{\"@id\":\"https:\\\/\\\/abel-formation.com\\\/www\\\/cours-en-groupe-intra\\\/#primaryimage\"},\"thumbnailUrl\":\"https:\\\/\\\/abel-formation.com\\\/www\\\/wp-content\\\/uploads\\\/2024\\\/03\\\/external_link_icon16.png\",\"datePublished\":\"2024-10-07T10:24:57+00:00\",\"dateModified\":\"2026-04-09T13:59:43+00:00\",\"description\":\"D\u00e9couvrez nos cours d\u2019anglais professionnels en groupe intra-entreprise, disponibles en pr\u00e9sentiel ou \u00e0 distance via TEAMS ou ZOOM.\",\"breadcrumb\":{\"@id\":\"https:\\\/\\\/abel-formation.com\\\/www\\\/cours-en-groupe-intra\\\/#breadcrumb\"},\"inLanguage\":\"fr-FR\",\"potentialAction\":[{\"@type\":\"ReadAction\",\"target\":[\"https:\\\/\\\/abel-formation.com\\\/www\\\/cours-en-groupe-intra\\\/\"]}]},{\"@type\":\"ImageObject\",\"inLanguage\":\"fr-FR\",\"@id\":\"https:\\\/\\\/abel-formation.com\\\/www\\\/cours-en-groupe-intra\\\/#primaryimage\",\"url\":\"https:\\\/\\\/abel-formation.com\\\/www\\\/wp-content\\\/uploads\\\/2024\\\/03\\\/external_link_icon16.png\",\"contentUrl\":\"https:\\\/\\\/abel-formation.com\\\/www\\\/wp-content\\\/uploads\\\/2024\\\/03\\\/external_link_icon16.png\",\"width\":16,\"height\":16,\"caption\":\"Lien vers une autre page\"},{\"@type\":\"BreadcrumbList\",\"@id\":\"https:\\\/\\\/abel-formation.com\\\/www\\\/cours-en-groupe-intra\\\/#breadcrumb\",\"itemListElement\":[{\"@type\":\"ListItem\",\"position\":1,\"name\":\"Accueil\",\"item\":\"https:\\\/\\\/abel-formation.com\\\/www\\\/\"},{\"@type\":\"ListItem\",\"position\":2,\"name\":\"Nos cours en groupe intra-entreprise \u00e0 distance et en pr\u00e9sentiel\"}]},{\"@type\":\"WebSite\",\"@id\":\"https:\\\/\\\/abel-formation.com\\\/www\\\/#website\",\"url\":\"https:\\\/\\\/abel-formation.com\\\/www\\\/\",\"name\":\"Abel Formation\",\"description\":\"Boostez votre anglais\",\"publisher\":{\"@id\":\"https:\\\/\\\/abel-formation.com\\\/www\\\/#organization\"},\"potentialAction\":[{\"@type\":\"SearchAction\",\"target\":{\"@type\":\"EntryPoint\",\"urlTemplate\":\"https:\\\/\\\/abel-formation.com\\\/www\\\/?s={search_term_string}\"},\"query-input\":{\"@type\":\"PropertyValueSpecification\",\"valueRequired\":true,\"valueName\":\"search_term_string\"}}],\"inLanguage\":\"fr-FR\"},{\"@type\":\"Organization\",\"@id\":\"https:\\\/\\\/abel-formation.com\\\/www\\\/#organization\",\"name\":\"Abel Formation\",\"alternateName\":\"Abel Formation\",\"url\":\"https:\\\/\\\/abel-formation.com\\\/www\\\/\",\"logo\":{\"@type\":\"ImageObject\",\"inLanguage\":\"fr-FR\",\"@id\":\"https:\\\/\\\/abel-formation.com\\\/www\\\/#\\\/schema\\\/logo\\\/image\\\/\",\"url\":\"https:\\\/\\\/abel-formation.com\\\/www\\\/wp-content\\\/uploads\\\/2023\\\/10\\\/PNG-Abel-logo_transparentRED-192-edited.png\",\"contentUrl\":\"https:\\\/\\\/abel-formation.com\\\/www\\\/wp-content\\\/uploads\\\/2023\\\/10\\\/PNG-Abel-logo_transparentRED-192-edited.png\",\"width\":181,\"height\":181,\"caption\":\"Abel Formation\"},\"image\":{\"@id\":\"https:\\\/\\\/abel-formation.com\\\/www\\\/#\\\/schema\\\/logo\\\/image\\\/\"},\"sameAs\":[\"https:\\\/\\\/x.com\\\/AbelFormation\",\"https:\\\/\\\/www.linkedin.com\\\/in\\\/bird-anthony-formations\\\/\"]}]}<\/script>\n<!-- \/ Yoast SEO plugin. -->","yoast_head_json":{"title":"Nos cours en groupe intra-entreprise \u00e0 distance et en pr\u00e9sentiel - Abel Formation","description":"D\u00e9couvrez nos cours d\u2019anglais professionnels en groupe intra-entreprise, disponibles en pr\u00e9sentiel ou \u00e0 distance via TEAMS ou ZOOM.","robots":{"index":"index","follow":"follow","max-snippet":"max-snippet:-1","max-image-preview":"max-image-preview:large","max-video-preview":"max-video-preview:-1"},"canonical":"https:\/\/abel-formation.com\/www\/cours-en-groupe-intra\/","og_locale":"fr_FR","og_type":"article","og_title":"Nos cours en groupe intra-entreprise \u00e0 distance et en pr\u00e9sentiel - Abel Formation","og_description":"D\u00e9couvrez nos cours d\u2019anglais professionnels en groupe intra-entreprise, disponibles en pr\u00e9sentiel ou \u00e0 distance via TEAMS ou ZOOM.","og_url":"https:\/\/abel-formation.com\/www\/cours-en-groupe-intra\/","og_site_name":"Abel Formation","article_modified_time":"2026-04-09T13:59:43+00:00","og_image":[{"width":16,"height":16,"url":"https:\/\/abel-formation.com\/www\/wp-content\/uploads\/2024\/03\/external_link_icon16.png","type":"image\/png"}],"twitter_card":"summary_large_image","twitter_site":"@AbelFormation","twitter_misc":{"Dur\u00e9e de lecture estim\u00e9e":"8 minutes"},"schema":{"@context":"https:\/\/schema.org","@graph":[{"@type":"WebPage","@id":"https:\/\/abel-formation.com\/www\/cours-en-groupe-intra\/","url":"https:\/\/abel-formation.com\/www\/cours-en-groupe-intra\/","name":"Nos cours en groupe intra-entreprise \u00e0 distance et en pr\u00e9sentiel - Abel Formation","isPartOf":{"@id":"https:\/\/abel-formation.com\/www\/#website"},"primaryImageOfPage":{"@id":"https:\/\/abel-formation.com\/www\/cours-en-groupe-intra\/#primaryimage"},"image":{"@id":"https:\/\/abel-formation.com\/www\/cours-en-groupe-intra\/#primaryimage"},"thumbnailUrl":"https:\/\/abel-formation.com\/www\/wp-content\/uploads\/2024\/03\/external_link_icon16.png","datePublished":"2024-10-07T10:24:57+00:00","dateModified":"2026-04-09T13:59:43+00:00","description":"D\u00e9couvrez nos cours d\u2019anglais professionnels en groupe intra-entreprise, disponibles en pr\u00e9sentiel ou \u00e0 distance via TEAMS ou ZOOM.","breadcrumb":{"@id":"https:\/\/abel-formation.com\/www\/cours-en-groupe-intra\/#breadcrumb"},"inLanguage":"fr-FR","potentialAction":[{"@type":"ReadAction","target":["https:\/\/abel-formation.com\/www\/cours-en-groupe-intra\/"]}]},{"@type":"ImageObject","inLanguage":"fr-FR","@id":"https:\/\/abel-formation.com\/www\/cours-en-groupe-intra\/#primaryimage","url":"https:\/\/abel-formation.com\/www\/wp-content\/uploads\/2024\/03\/external_link_icon16.png","contentUrl":"https:\/\/abel-formation.com\/www\/wp-content\/uploads\/2024\/03\/external_link_icon16.png","width":16,"height":16,"caption":"Lien vers une autre page"},{"@type":"BreadcrumbList","@id":"https:\/\/abel-formation.com\/www\/cours-en-groupe-intra\/#breadcrumb","itemListElement":[{"@type":"ListItem","position":1,"name":"Accueil","item":"https:\/\/abel-formation.com\/www\/"},{"@type":"ListItem","position":2,"name":"Nos cours en groupe intra-entreprise \u00e0 distance et en pr\u00e9sentiel"}]},{"@type":"WebSite","@id":"https:\/\/abel-formation.com\/www\/#website","url":"https:\/\/abel-formation.com\/www\/","name":"Abel Formation","description":"Boostez votre anglais","publisher":{"@id":"https:\/\/abel-formation.com\/www\/#organization"},"potentialAction":[{"@type":"SearchAction","target":{"@type":"EntryPoint","urlTemplate":"https:\/\/abel-formation.com\/www\/?s={search_term_string}"},"query-input":{"@type":"PropertyValueSpecification","valueRequired":true,"valueName":"search_term_string"}}],"inLanguage":"fr-FR"},{"@type":"Organization","@id":"https:\/\/abel-formation.com\/www\/#organization","name":"Abel Formation","alternateName":"Abel Formation","url":"https:\/\/abel-formation.com\/www\/","logo":{"@type":"ImageObject","inLanguage":"fr-FR","@id":"https:\/\/abel-formation.com\/www\/#\/schema\/logo\/image\/","url":"https:\/\/abel-formation.com\/www\/wp-content\/uploads\/2023\/10\/PNG-Abel-logo_transparentRED-192-edited.png","contentUrl":"https:\/\/abel-formation.com\/www\/wp-content\/uploads\/2023\/10\/PNG-Abel-logo_transparentRED-192-edited.png","width":181,"height":181,"caption":"Abel Formation"},"image":{"@id":"https:\/\/abel-formation.com\/www\/#\/schema\/logo\/image\/"},"sameAs":["https:\/\/x.com\/AbelFormation","https:\/\/www.linkedin.com\/in\/bird-anthony-formations\/"]}]}},"_links":{"self":[{"href":"https:\/\/abel-formation.com\/www\/wp-json\/wp\/v2\/pages\/2209","targetHints":{"allow":["GET"]}}],"collection":[{"href":"https:\/\/abel-formation.com\/www\/wp-json\/wp\/v2\/pages"}],"about":[{"href":"https:\/\/abel-formation.com\/www\/wp-json\/wp\/v2\/types\/page"}],"author":[{"embeddable":true,"href":"https:\/\/abel-formation.com\/www\/wp-json\/wp\/v2\/users\/1"}],"replies":[{"embeddable":true,"href":"https:\/\/abel-formation.com\/www\/wp-json\/wp\/v2\/comments?post=2209"}],"version-history":[{"count":31,"href":"https:\/\/abel-formation.com\/www\/wp-json\/wp\/v2\/pages\/2209\/revisions"}],"predecessor-version":[{"id":2709,"href":"https:\/\/abel-formation.com\/www\/wp-json\/wp\/v2\/pages\/2209\/revisions\/2709"}],"wp:attachment":[{"href":"https:\/\/abel-formation.com\/www\/wp-json\/wp\/v2\/media?parent=2209"}],"curies":[{"name":"wp","href":"https:\/\/api.w.org\/{rel}","templated":true}]}}